{"id":2564,"date":"2025-03-05T15:13:39","date_gmt":"2025-03-05T15:13:39","guid":{"rendered":"https:\/\/blancoetcheverry.com\/v2025\/?page_id=2564"},"modified":"2025-08-27T18:34:45","modified_gmt":"2025-08-27T18:34:45","slug":"marcelo-bregani","status":"publish","type":"page","link":"https:\/\/blancoetcheverry.com\/v2025\/index.php\/marcelo-bregani\/","title":{"rendered":"Marcelo Bregani"},"content":{"rendered":"\t\t<div data-elementor-type=\"wp-page\" data-elementor-id=\"2564\" class=\"elementor elementor-2564\">\n\t\t\t\t<div class=\"elementor-element elementor-element-238d57f e-con-full e-flex e-con e-parent\" data-id=\"238d57f\" data-element_type=\"container\">\n\t\t<div class=\"elementor-element elementor-element-0a683f6 e-con-full e-flex e-con e-child\" data-id=\"0a683f6\" data-element_type=\"container\">\n\t\t\t\t<div class=\"elementor-element elementor-element-2f64b80 elementor-widget__width-initial grid_gap-0 elementor-widget elementor-widget-gt3-core-team\" data-id=\"2f64b80\" data-element_type=\"widget\" data-widget_type=\"gt3-core-team.default\">\n\t\t\t\t<div class=\"elementor-widget-container\">\n\t\t\t\t\t\t<div class=\"module_team type2\" data-post-index=\"1\">\r\n\t\t<div class=\"shortcode_team \">\r\n\t\t\t<div class=\"items1\">\r\n\t\t\t\t\t\t\t\t<ul class=\"item_list \">\r\n\t\t\t\t\t<li class=\"item-team-member abogados\"><div class=\"item_wrapper\"><div class=\"item\"><div class=\"team_img featured_img\"><img decoding=\"async\"  srcset=\"https:\/\/blancoetcheverry.com\/v2025\/wp-content\/uploads\/2025\/02\/Marcelo-Bregani-e1747250897890-1920x1920.jpg 1920w, https:\/\/blancoetcheverry.com\/v2025\/wp-content\/uploads\/2025\/02\/Marcelo-Bregani-e1747250897890-1600x1600.jpg 1600w, https:\/\/blancoetcheverry.com\/v2025\/wp-content\/uploads\/2025\/02\/Marcelo-Bregani-e1747250897890-1200x1200.jpg 1200w, https:\/\/blancoetcheverry.com\/v2025\/wp-content\/uploads\/2025\/02\/Marcelo-Bregani-e1747250897890-992x992.jpg 992w, https:\/\/blancoetcheverry.com\/v2025\/wp-content\/uploads\/2025\/02\/Marcelo-Bregani-e1747250897890-768x768.jpg 768w, https:\/\/blancoetcheverry.com\/v2025\/wp-content\/uploads\/2025\/02\/Marcelo-Bregani-e1747250897890-600x600.jpg 600w,https:\/\/blancoetcheverry.com\/v2025\/wp-content\/uploads\/2025\/02\/Marcelo-Bregani-e1747250897890-420x420.jpg 420w\" src=\"https:\/\/blancoetcheverry.com\/v2025\/wp-content\/uploads\/2025\/02\/Marcelo-Bregani-e1747250897890-1600x1600.jpg\" sizes=\"(min-width: 1600px) 1920px, (min-width: 1200px) 1600px, (min-width: 992px) 1200px, (min-width: 768px) 992px, (min-width: 600px) 768px, (min-width: 420px) 600px, (max-width: 600px) 420px\" title=\"Marcelo-Bregani\"  alt=\"Marcelo-Bregani\" \/><\/div><div class=\"team_icons_wrapper\"><div class=\"member-icons\"><div class=\"team-icons\"><a href=\"#\" class=\"member-icon fa fa-linkedin\" ><span><\/span><\/a><\/div><\/div><\/div><div class=\"team-infobox\"><div class=\"team_title\"><div class=\"team_title_wrapper\"><h3 class=\"team_title__text\">Marcelo Bregani<\/h3><div class=\"team-positions\">A B O G A D O - S O C I O<\/div><\/div><\/div><div class=\"gt3_single_team_info\"><div class=\"gt3_single_team_info__item\"><h4>MAIL<\/h4><a href=\"http:\/\/mbregani@blancoetcheverry.com\" target=\"_blank\"><span>mbregani@blancoetcheverry.com<\/span><\/a><\/div><\/div><\/div><\/div><\/div><\/li>\t\t\t\t<\/ul>\r\n\t\t\t\t<div class=\"clear\"><\/div>\r\n\t\t\t<\/div>\r\n\t\t<\/div>\r\n\t\t\t<\/div>\r\n<script type=\"application\/json\" id=\"settings--2f64b80\">{\"type\":\"type2\",\"pagination_en\":false,\"posts_per_line\":1,\"grid_gap\":\"0\",\"query\":{\"post_status\":[\"publish\"],\"post_type\":\"team\",\"posts_per_page\":\"1\",\"post__in\":[\"2128\"],\"paged\":1},\"link_post\":\"\",\"custom_item_height\":\"\",\"show_social\":\"yes\",\"show_position\":\"yes\",\"show_title\":\"yes\",\"show_description\":\"yes\"}<\/script>\t\t\t\t<\/div>\n\t\t\t\t<\/div>\n\t\t\t\t<\/div>\n\t\t\t\t<div class=\"elementor-element elementor-element-98710f1 elementor-widget elementor-widget-spacer\" data-id=\"98710f1\" data-element_type=\"widget\" data-widget_type=\"spacer.default\">\n\t\t\t\t<div class=\"elementor-widget-container\">\n\t\t\t\t\t\t\t<div class=\"elementor-spacer\">\n\t\t\t<div class=\"elementor-spacer-inner\"><\/div>\n\t\t<\/div>\n\t\t\t\t\t\t<\/div>\n\t\t\t\t<\/div>\n\t\t<div class=\"elementor-element elementor-element-0b09658 e-con-full e-flex e-con e-child\" data-id=\"0b09658\" data-element_type=\"container\">\n\t\t\t\t<div class=\"elementor-element-custom_font_family elementor-element-custom_font_weight elementor-element-custom_color elementor-element elementor-element-9a8096a elementor-widget__width-initial elementor-widget elementor-widget-text-editor\" data-id=\"9a8096a\" data-element_type=\"widget\" data-widget_type=\"text-editor.default\">\n\t\t\t\t<div class=\"elementor-widget-container\">\n\t\t\t\t\t\t\t\t\t<div class=\"elementor-element elementor-element-2432dae elementor-widget elementor-widget-heading\" data-id=\"2432dae\" data-element_type=\"widget\" data-widget_type=\"heading.default\"><div class=\"elementor-widget-container\"><h3 class=\"elementor-heading-title elementor-size-default\"><strong>Experiencia:<\/strong><\/h3><p>\u00a0<\/p><p><span>Abogado en ejercicio desde el a\u00f1o 2002, con s\u00f3lida formaci\u00f3n y m\u00e1s de veinte a\u00f1os de reconocida experiencia en materia contenciosa y litigiosa,\u00a0<\/span><\/p><p><span>Ha representado a clientes en procedimientos judiciales, tanto en materia de litigios civiles, comerciales y administrativos, como en procesos de relaci\u00f3n con el consumidor y procedimientos administrativos ante autoridades regulatorias y organismos p\u00fablicos.\u00a0<\/span><\/p><p><span>Marcelo cuenta con m\u00e1s de 15 a\u00f1os de experiencia asistiendo a clientes en la negociaci\u00f3n y redacci\u00f3n de grandes contratos, y brindando asesor\u00eda legal diaria para empresas de la industria de la construcci\u00f3n, servicios log\u00edsticos, transporte a\u00e9reo y terrestre, negocios rurales, inmobiliarios, agroindustrias, energ\u00eda, etc.<\/span><\/p><p><span>Su formaci\u00f3n, su pr\u00e1ctica y su capacidad de negociaci\u00f3n le permiten combinar y prestar un asesoramiento integral orientado a la prevenci\u00f3n de riesgos.<\/span><\/p><p><span>En su pr\u00e1ctica, tambi\u00e9n participa en procesos concursales, asesorando y representando a sus clientes para la conservaci\u00f3n y defensa de sus bienes y cr\u00e9ditos en situaciones de insolvencia o quiebra.<\/span><\/p><\/div><\/div>\t\t\t\t\t\t\t\t<\/div>\n\t\t\t\t<\/div>\n\t\t\t\t<div class=\"elementor-element elementor-element-14d73c3 elementor-widget-divider--view-line elementor-widget elementor-widget-divider\" data-id=\"14d73c3\" data-element_type=\"widget\" data-widget_type=\"divider.default\">\n\t\t\t\t<div class=\"elementor-widget-container\">\n\t\t\t\t\t\t\t<div class=\"elementor-divider\">\n\t\t\t<span class=\"elementor-divider-separator\">\n\t\t\t\t\t\t<\/span>\n\t\t<\/div>\n\t\t\t\t\t\t<\/div>\n\t\t\t\t<\/div>\n\t\t\t\t<div class=\"elementor-element-custom_font_family elementor-element-custom_font_weight elementor-element-custom_color elementor-element elementor-element-ce2c70b elementor-widget elementor-widget-text-editor\" data-id=\"ce2c70b\" data-element_type=\"widget\" data-widget_type=\"text-editor.default\">\n\t\t\t\t<div class=\"elementor-widget-container\">\n\t\t\t\t\t\t\t\t\t<h4><b>\u00c1REAS DE PR\u00c1CTICA E INDUSTRIAS:<\/b><b><\/b><\/h4><ul><li aria-level=\"1\"><span>Litigios<\/span><\/li><li aria-level=\"1\"><span>Contencioso<\/span><\/li><li aria-level=\"1\"><span>Arbitrajes<\/span><\/li><li aria-level=\"1\"><span>Contratos<\/span><\/li><li aria-level=\"1\"><span>Civil<\/span><\/li><li aria-level=\"1\"><span>Comercial<\/span><\/li><li aria-level=\"1\"><span>Construcci\u00f3n<\/span><\/li><li aria-level=\"1\"><span>Administrativo<\/span><\/li><\/ul>\t\t\t\t\t\t\t\t<\/div>\n\t\t\t\t<\/div>\n\t\t\t\t<div class=\"elementor-element elementor-element-36a52e2 elementor-widget-divider--view-line elementor-widget elementor-widget-divider\" data-id=\"36a52e2\" data-element_type=\"widget\" data-widget_type=\"divider.default\">\n\t\t\t\t<div class=\"elementor-widget-container\">\n\t\t\t\t\t\t\t<div class=\"elementor-divider\">\n\t\t\t<span class=\"elementor-divider-separator\">\n\t\t\t\t\t\t<\/span>\n\t\t<\/div>\n\t\t\t\t\t\t<\/div>\n\t\t\t\t<\/div>\n\t\t\t\t<\/div>\n\t\t<div class=\"elementor-element elementor-element-516ed20 e-con-full e-flex e-con e-child\" data-id=\"516ed20\" data-element_type=\"container\">\n\t\t\t\t<div class=\"elementor-element-custom_font_family elementor-element-custom_font_weight elementor-element-custom_color elementor-element elementor-element-86cd0ca elementor-widget elementor-widget-text-editor\" data-id=\"86cd0ca\" data-element_type=\"widget\" data-widget_type=\"text-editor.default\">\n\t\t\t\t<div class=\"elementor-widget-container\">\n\t\t\t\t\t\t\t\t\t<p>\u00a0<\/p><ul><li aria-level=\"1\"><p><b>EDUCACI\u00d3N<\/b><\/p><ul><li><span>Doctor en Derecho y Ciencias Sociales, Universidad de la Rep\u00fablica (Uruguay), 2002.\u00a0<\/span><\/li><li><span>Diploma de Formaci\u00f3n para Ingreso a la Magistratura Judicial, Centro de Estudios Judiciales del Uruguay (C.E.J.U.), 2006.\u00a0<\/span><\/li><li><span>Diplomado en Arbitraje, Universidad de Montevideo (Uruguay), 2021.<\/span><\/li><li><span>Especializaci\u00f3n en Derecho de Da\u00f1os, Universidad de la Rep\u00fablica (Uruguay), 2022.<\/span><\/li><\/ul><p>\u00a0<\/p><ul style=\"margin-top: 0px; padding-bottom: 23px; padding-left: 1em; border: 0px; outline: 0px; font-size: 16px; vertical-align: baseline; background: none; list-style: outside; line-height: 26px; caret-color: #666666; color: #666666; font-family: 'Open Sans', Arial, sans-serif;\"><li style=\"padding-bottom: 0px; border: 0px; outline: 0px; vertical-align: baseline; background: none;\" aria-level=\"1\"><h4 style=\"padding-bottom: 1em; border: 0px; outline: 0px; font-size: 16px; vertical-align: baseline; background: none; line-height: 1.5em; color: #666666; font-family: 'Open Sans', Arial, sans-serif;\"><b style=\"margin: 0px; padding: 0px; border: 0px; outline: 0px; vertical-align: baseline; background: none;\">IDIOMAS:<\/b><\/h4><ul style=\"margin-top: 0px; padding-bottom: 23px; padding-left: 1em; border: 0px; outline: 0px; vertical-align: baseline; background: none; list-style: outside; line-height: 26px;\"><li style=\"padding-bottom: 0px; border: 0px; outline: 0px; vertical-align: baseline; background: none;\" aria-level=\"1\"><span style=\"margin: 0px; padding: 0px; border: 0px; outline: 0px; vertical-align: baseline; background: none;\">Ingl\u00e9s<\/span><\/li><li style=\"padding-bottom: 0px; border: 0px; outline: 0px; vertical-align: baseline; background: none;\" aria-level=\"1\">Espa\u00f1ol<\/li><\/ul><\/li><\/ul><\/li><\/ul>\t\t\t\t\t\t\t\t<\/div>\n\t\t\t\t<\/div>\n\t\t\t\t<\/div>\n\t\t\t\t<\/div>\n\t\t<div class=\"elementor-element elementor-element-4d2463d e-flex e-con-boxed e-con e-parent\" data-id=\"4d2463d\" data-element_type=\"container\">\n\t\t\t\t\t<div class=\"e-con-inner\">\n\t\t\t\t\t<\/div>\n\t\t\t\t<\/div>\n\t\t\t\t<\/div>\n\t\t","protected":false},"excerpt":{"rendered":"<p>Marcelo Bregani A B O G A D O MAIL mbregani@blancoetcheverry.com Experiencia: \u00a0 Abogado en ejercicio desde el a\u00f1o 2002, con s\u00f3lida formaci\u00f3n y m\u00e1s de veinte a\u00f1os de reconocida experiencia en materia contenciosa y litigiosa,\u00a0 Ha representado a clientes en procedimientos judiciales, tanto en materia de litigios civiles, comerciales y administrativos, como en procesos [&hellip;]<\/p>\n","protected":false},"author":1,"featured_media":0,"parent":0,"menu_order":0,"comment_status":"closed","ping_status":"closed","template":"elementor_header_footer","meta":{"footnotes":""},"class_list":["post-2564","page","type-page","status-publish","hentry"],"_links":{"self":[{"href":"https:\/\/blancoetcheverry.com\/v2025\/index.php\/wp-json\/wp\/v2\/pages\/2564","targetHints":{"allow":["GET"]}}],"collection":[{"href":"https:\/\/blancoetcheverry.com\/v2025\/index.php\/wp-json\/wp\/v2\/pages"}],"about":[{"href":"https:\/\/blancoetcheverry.com\/v2025\/index.php\/wp-json\/wp\/v2\/types\/page"}],"author":[{"embeddable":true,"href":"https:\/\/blancoetcheverry.com\/v2025\/index.php\/wp-json\/wp\/v2\/users\/1"}],"replies":[{"embeddable":true,"href":"https:\/\/blancoetcheverry.com\/v2025\/index.php\/wp-json\/wp\/v2\/comments?post=2564"}],"version-history":[{"count":16,"href":"https:\/\/blancoetcheverry.com\/v2025\/index.php\/wp-json\/wp\/v2\/pages\/2564\/revisions"}],"predecessor-version":[{"id":3301,"href":"https:\/\/blancoetcheverry.com\/v2025\/index.php\/wp-json\/wp\/v2\/pages\/2564\/revisions\/3301"}],"wp:attachment":[{"href":"https:\/\/blancoetcheverry.com\/v2025\/index.php\/wp-json\/wp\/v2\/media?parent=2564"}],"curies":[{"name":"wp","href":"https:\/\/api.w.org\/{rel}","templated":true}]}}