{"id":2600,"date":"2025-03-05T15:34:08","date_gmt":"2025-03-05T15:34:08","guid":{"rendered":"https:\/\/blancoetcheverry.com\/v2025\/?page_id=2600"},"modified":"2025-08-27T18:38:43","modified_gmt":"2025-08-27T18:38:43","slug":"mauro-benitez","status":"publish","type":"page","link":"https:\/\/blancoetcheverry.com\/v2025\/index.php\/mauro-benitez\/","title":{"rendered":"Mauro Ben\u00edtez"},"content":{"rendered":"\t\t<div data-elementor-type=\"wp-page\" data-elementor-id=\"2600\" class=\"elementor elementor-2600\">\n\t\t\t\t<div class=\"elementor-element elementor-element-75851ba e-con-full e-flex e-con e-parent\" data-id=\"75851ba\" data-element_type=\"container\">\n\t\t<div class=\"elementor-element elementor-element-b2bf419 e-con-full e-flex e-con e-child\" data-id=\"b2bf419\" data-element_type=\"container\">\n\t\t\t\t<div class=\"elementor-element elementor-element-730b227 elementor-widget__width-initial grid_gap-0 elementor-widget elementor-widget-gt3-core-team\" data-id=\"730b227\" data-element_type=\"widget\" data-widget_type=\"gt3-core-team.default\">\n\t\t\t\t<div class=\"elementor-widget-container\">\n\t\t\t\t\t\t<div class=\"module_team type2\" data-post-index=\"1\">\r\n\t\t<div class=\"shortcode_team \">\r\n\t\t\t<div class=\"items1\">\r\n\t\t\t\t\t\t\t\t<ul class=\"item_list \">\r\n\t\t\t\t\t<li class=\"item-team-member contadores\"><div class=\"item_wrapper\"><div class=\"item\"><div class=\"team_img featured_img\"><img decoding=\"async\"  srcset=\"https:\/\/blancoetcheverry.com\/v2025\/wp-content\/uploads\/2025\/02\/mauro-e1760037443205-1920x1920.jpg 1920w, https:\/\/blancoetcheverry.com\/v2025\/wp-content\/uploads\/2025\/02\/mauro-e1760037443205-1600x1600.jpg 1600w, https:\/\/blancoetcheverry.com\/v2025\/wp-content\/uploads\/2025\/02\/mauro-e1760037443205-1200x1200.jpg 1200w, https:\/\/blancoetcheverry.com\/v2025\/wp-content\/uploads\/2025\/02\/mauro-e1760037443205-992x992.jpg 992w, https:\/\/blancoetcheverry.com\/v2025\/wp-content\/uploads\/2025\/02\/mauro-e1760037443205-768x768.jpg 768w, https:\/\/blancoetcheverry.com\/v2025\/wp-content\/uploads\/2025\/02\/mauro-e1760037443205-600x600.jpg 600w,https:\/\/blancoetcheverry.com\/v2025\/wp-content\/uploads\/2025\/02\/mauro-e1760037443205-420x420.jpg 420w\" src=\"https:\/\/blancoetcheverry.com\/v2025\/wp-content\/uploads\/2025\/02\/mauro-e1760037443205-1600x1600.jpg\" sizes=\"(min-width: 1600px) 1920px, (min-width: 1200px) 1600px, (min-width: 992px) 1200px, (min-width: 768px) 992px, (min-width: 600px) 768px, (min-width: 420px) 600px, (max-width: 600px) 420px\" title=\"mauro\"  alt=\"mauro\" \/><\/div><div class=\"team_icons_wrapper\"><div class=\"member-icons\"><div class=\"team-icons\"><a href=\"#\" class=\"member-icon fa fa-linkedin\" ><span><\/span><\/a><\/div><\/div><\/div><div class=\"team-infobox\"><div class=\"team_title\"><div class=\"team_title_wrapper\"><h3 class=\"team_title__text\">Mauro Benitez<\/h3><div class=\"team-positions\">C O N T A D O R - P \u00da B L I C O - C O N S U L T O R<\/div><\/div><\/div><div class=\"gt3_single_team_info\"><div class=\"gt3_single_team_info__item\"><h4>MAIL<\/h4><a href=\"http:\/\/mbenitez@blancoetcheverry.com\" target=\"_blank\"><span>mbenitez@blancoetcheverry.com<\/span><\/a><\/div><\/div><\/div><\/div><\/div><\/li>\t\t\t\t<\/ul>\r\n\t\t\t\t<div class=\"clear\"><\/div>\r\n\t\t\t<\/div>\r\n\t\t<\/div>\r\n\t\t\t<\/div>\r\n<script type=\"application\/json\" id=\"settings--730b227\">{\"type\":\"type2\",\"pagination_en\":false,\"posts_per_line\":1,\"grid_gap\":\"0\",\"query\":{\"post_status\":[\"publish\"],\"post_type\":\"team\",\"posts_per_page\":\"1\",\"post__in\":[\"2305\"],\"paged\":1},\"link_post\":\"\",\"custom_item_height\":\"\",\"show_social\":\"yes\",\"show_position\":\"yes\",\"show_title\":\"yes\",\"show_description\":\"yes\"}<\/script>\t\t\t\t<\/div>\n\t\t\t\t<\/div>\n\t\t\t\t<\/div>\n\t\t\t\t<div class=\"elementor-element elementor-element-5e460b1 elementor-widget elementor-widget-spacer\" data-id=\"5e460b1\" data-element_type=\"widget\" data-widget_type=\"spacer.default\">\n\t\t\t\t<div class=\"elementor-widget-container\">\n\t\t\t\t\t\t\t<div class=\"elementor-spacer\">\n\t\t\t<div class=\"elementor-spacer-inner\"><\/div>\n\t\t<\/div>\n\t\t\t\t\t\t<\/div>\n\t\t\t\t<\/div>\n\t\t<div class=\"elementor-element elementor-element-e14f787 e-con-full e-flex e-con e-child\" data-id=\"e14f787\" data-element_type=\"container\">\n\t\t\t\t<div class=\"elementor-element-custom_font_family elementor-element-custom_font_weight elementor-element-custom_color elementor-element elementor-element-ff63aee elementor-widget__width-initial elementor-widget elementor-widget-text-editor\" data-id=\"ff63aee\" data-element_type=\"widget\" data-widget_type=\"text-editor.default\">\n\t\t\t\t<div class=\"elementor-widget-container\">\n\t\t\t\t\t\t\t\t\t<div class=\"elementor-element elementor-element-2432dae elementor-widget elementor-widget-heading\" data-id=\"2432dae\" data-element_type=\"widget\" data-widget_type=\"heading.default\"><div class=\"elementor-widget-container\"><h3 class=\"elementor-heading-title elementor-size-default\"><strong>Experiencia<\/strong><\/h3><\/div><\/div><div class=\"elementor-element-custom_font_family elementor-element-custom_font_weight elementor-element-custom_color elementor-element elementor-element-47d0a44 elementor-widget elementor-widget-text-editor\" data-id=\"47d0a44\" data-element_type=\"widget\" data-widget_type=\"text-editor.default\"><div class=\"elementor-widget-container\"><p><span>Cuenta con 15 a\u00f1os de experiencia en un estudio de primera l\u00ednea de Uruguay y con 5 a\u00f1os en un grupo internacional de negocios agroindustriales. En su carrera ha prestado servicios para clientes radicados en Uruguay, Argentina y Paraguay de diferentes rubros, como ser entre otros: financiero, industrial, salud, servicios y construcci\u00f3n.<\/span><\/p><p><span>Es especialista en la prestaci\u00f3n de servicios de auditor\u00eda de estados contables, preparaci\u00f3n de proyectos de inversi\u00f3n para obtenci\u00f3n de beneficios fiscales (COMAP), costos y control de gesti\u00f3n, administraci\u00f3n de riesgos, dise\u00f1o y ejecuci\u00f3n de planes de control interno, planificaci\u00f3n operativa y preparaci\u00f3n de informaci\u00f3n de gesti\u00f3n.<\/span><\/p><p><span>Desde hace 10 a\u00f1os es docente universitario en la Facultad de Ciencias Econ\u00f3micas y de Administraci\u00f3n de la Universidad\u00a0de la Rep\u00fablica de las unidades curriculares Contabilidad de Gesti\u00f3n (desde el 2014 al 2019) y de Costos y Gesti\u00f3n de Actividades (desde el 2018 a la fecha).<\/span><\/p><\/div><\/div>\t\t\t\t\t\t\t\t<\/div>\n\t\t\t\t<\/div>\n\t\t\t\t<div class=\"elementor-element elementor-element-ce04ce3 elementor-widget-divider--view-line elementor-widget elementor-widget-divider\" data-id=\"ce04ce3\" data-element_type=\"widget\" data-widget_type=\"divider.default\">\n\t\t\t\t<div class=\"elementor-widget-container\">\n\t\t\t\t\t\t\t<div class=\"elementor-divider\">\n\t\t\t<span class=\"elementor-divider-separator\">\n\t\t\t\t\t\t<\/span>\n\t\t<\/div>\n\t\t\t\t\t\t<\/div>\n\t\t\t\t<\/div>\n\t\t\t\t<div class=\"elementor-element-custom_font_family elementor-element-custom_font_weight elementor-element-custom_color elementor-element elementor-element-3f86c64 elementor-widget elementor-widget-text-editor\" data-id=\"3f86c64\" data-element_type=\"widget\" data-widget_type=\"text-editor.default\">\n\t\t\t\t<div class=\"elementor-widget-container\">\n\t\t\t\t\t\t\t\t\t<h4><b>\u00c1REAS DE PR\u00c1CTICA E INDUSTRIAS<\/b><b><\/b><\/h4><ul><li aria-level=\"1\"><span>Auditor\u00eda <\/span><\/li><li aria-level=\"1\">Contabilidad<\/li><li aria-level=\"1\">Proyectos de Inversi\u00f3n COMAP<\/li><li aria-level=\"1\">Costos y Control de Gesti\u00f3n<\/li><li aria-level=\"1\">Auditor\u00eda Interna<\/li><li aria-level=\"1\"><span><\/span>Informaci\u00f3n de Gesti\u00f3n<\/li><\/ul>\t\t\t\t\t\t\t\t<\/div>\n\t\t\t\t<\/div>\n\t\t\t\t<div class=\"elementor-element elementor-element-56e84d1 elementor-widget-divider--view-line elementor-widget elementor-widget-divider\" data-id=\"56e84d1\" data-element_type=\"widget\" data-widget_type=\"divider.default\">\n\t\t\t\t<div class=\"elementor-widget-container\">\n\t\t\t\t\t\t\t<div class=\"elementor-divider\">\n\t\t\t<span class=\"elementor-divider-separator\">\n\t\t\t\t\t\t<\/span>\n\t\t<\/div>\n\t\t\t\t\t\t<\/div>\n\t\t\t\t<\/div>\n\t\t\t\t<\/div>\n\t\t<div class=\"elementor-element elementor-element-d550682 e-con-full e-flex e-con e-child\" data-id=\"d550682\" data-element_type=\"container\">\n\t\t\t\t<div class=\"elementor-element-custom_font_family elementor-element-custom_font_weight elementor-element-custom_color elementor-element elementor-element-acb27b9 elementor-widget elementor-widget-text-editor\" data-id=\"acb27b9\" data-element_type=\"widget\" data-widget_type=\"text-editor.default\">\n\t\t\t\t<div class=\"elementor-widget-container\">\n\t\t\t\t\t\t\t\t\t<p><b>EDUCACI\u00d3N<\/b><b><\/b><\/p><ul><li aria-level=\"1\"><span>Contador P\u00fablico, Universidad de la Rep\u00fablica (Uruguay).<\/span><\/li><li aria-level=\"1\"><span>Postgrado en Costos y Control de Gesti\u00f3n, Universidad de la Rep\u00fablica (Uruguay).<\/span><span><span><span><br \/><\/span><\/span><\/span><br \/><p style=\"margin-bottom: 0px; padding-bottom: 1em; border: 0px; outline: 0px; font-size: 16px; vertical-align: baseline; background: none; line-height: 1.5em; caret-color: #666666; color: #666666; font-family: 'Open Sans', Arial, sans-serif;\"><b style=\"margin: 0px; padding: 0px; border: 0px; outline: 0px; vertical-align: baseline; background: none;\">MEMBRES\u00cdAS<\/b><b style=\"margin: 0px; padding: 0px; border: 0px; outline: 0px; vertical-align: baseline; background: none;\"><\/b><\/p><p><span>Miembro del Colegio de Contadores, Economistas y Administradores del Uruguay.<\/span><\/p><h4 style=\"padding-bottom: 1em; border: 0px; outline: 0px; font-size: 16px; vertical-align: baseline; background: none; line-height: 1.5em; color: #666666; font-family: 'Open Sans', Arial, sans-serif;\">\u00a0<\/h4><h4 style=\"padding-bottom: 1em; border: 0px; outline: 0px; font-size: 16px; vertical-align: baseline; background: none; line-height: 1.5em; color: #666666; font-family: 'Open Sans', Arial, sans-serif;\"><b style=\"margin: 0px; padding: 0px; border: 0px; outline: 0px; vertical-align: baseline; background: none;\">IDIOMAS<\/b><b style=\"margin: 0px; padding: 0px; border: 0px; outline: 0px; vertical-align: baseline; background: none;\"><\/b><\/h4><ul style=\"margin-top: 0px; padding-bottom: 23px; padding-left: 1em; border: 0px; outline: 0px; vertical-align: baseline; background: none; list-style: outside; line-height: 26px;\"><li style=\"padding-bottom: 0px; border: 0px; outline: 0px; vertical-align: baseline; background: none;\" aria-level=\"1\"><span style=\"margin: 0px; padding: 0px; border: 0px; outline: 0px; vertical-align: baseline; background: none;\">Espa\u00f1ol<\/span><\/li><li style=\"padding-bottom: 0px; border: 0px; outline: 0px; vertical-align: baseline; background: none;\" aria-level=\"1\"><span style=\"margin: 0px; padding: 0px; border: 0px; outline: 0px; vertical-align: baseline; background: none;\">Ingl\u00e9s<\/span><\/li><\/ul><\/li><\/ul>\t\t\t\t\t\t\t\t<\/div>\n\t\t\t\t<\/div>\n\t\t\t\t<\/div>\n\t\t\t\t<\/div>\n\t\t<div class=\"elementor-element elementor-element-35699bc e-flex e-con-boxed e-con e-parent\" data-id=\"35699bc\" data-element_type=\"container\">\n\t\t\t\t\t<div class=\"e-con-inner\">\n\t\t\t\t\t<\/div>\n\t\t\t\t<\/div>\n\t\t\t\t<\/div>\n\t\t","protected":false},"excerpt":{"rendered":"<p>Mauro Benitez C O N T A D O R P \u00da B L I C O | C O N S U L T O R MAIL mbenitez@blancoetcheverry.com Experiencia Cuenta con 15 a\u00f1os de experiencia en un estudio de primera l\u00ednea de Uruguay y con 5 a\u00f1os en un grupo internacional de negocios agroindustriales. [&hellip;]<\/p>\n","protected":false},"author":1,"featured_media":0,"parent":0,"menu_order":0,"comment_status":"closed","ping_status":"closed","template":"","meta":{"footnotes":""},"class_list":["post-2600","page","type-page","status-publish","hentry"],"_links":{"self":[{"href":"https:\/\/blancoetcheverry.com\/v2025\/index.php\/wp-json\/wp\/v2\/pages\/2600","targetHints":{"allow":["GET"]}}],"collection":[{"href":"https:\/\/blancoetcheverry.com\/v2025\/index.php\/wp-json\/wp\/v2\/pages"}],"about":[{"href":"https:\/\/blancoetcheverry.com\/v2025\/index.php\/wp-json\/wp\/v2\/types\/page"}],"author":[{"embeddable":true,"href":"https:\/\/blancoetcheverry.com\/v2025\/index.php\/wp-json\/wp\/v2\/users\/1"}],"replies":[{"embeddable":true,"href":"https:\/\/blancoetcheverry.com\/v2025\/index.php\/wp-json\/wp\/v2\/comments?post=2600"}],"version-history":[{"count":19,"href":"https:\/\/blancoetcheverry.com\/v2025\/index.php\/wp-json\/wp\/v2\/pages\/2600\/revisions"}],"predecessor-version":[{"id":3328,"href":"https:\/\/blancoetcheverry.com\/v2025\/index.php\/wp-json\/wp\/v2\/pages\/2600\/revisions\/3328"}],"wp:attachment":[{"href":"https:\/\/blancoetcheverry.com\/v2025\/index.php\/wp-json\/wp\/v2\/media?parent=2600"}],"curies":[{"name":"wp","href":"https:\/\/api.w.org\/{rel}","templated":true}]}}